{"id":26070,"date":"2023-02-06T11:55:44","date_gmt":"2023-02-06T10:55:44","guid":{"rendered":"https:\/\/igcat.org\/?post_type=team&#038;p=26070"},"modified":"2023-08-04T13:14:58","modified_gmt":"2023-08-04T11:14:58","slug":"quim-salort-galmes-espana","status":"publish","type":"team","link":"https:\/\/igcat.org\/es\/team\/quim-salort-galmes-espana\/","title":{"rendered":"Quim Salort Galm\u00e9s &#8211; Espa\u00f1a"},"content":{"rendered":"<h3>Quim Salort Galm\u00e9s<\/h3>\n<p><strong>T\u00e9cnico de producto cultural &#8211; Fundaci\u00f3 Foment del Turisme de Menorca<\/strong><\/p>\n<p>Quim Salort es un experto de IGCAT (Instituto Internacional de Gastronom\u00eda, Cultura, Artes y Turismo) desde 2023 y miembro del equipo que gestiona Menorca, Regi\u00f3n Europea de Gastronom\u00eda 2022. Graduado en Humanidades (itinerario de Gesti\u00f3n Cultural), Quim Salort trabaja de t\u00e9cnico de producto cultural en la Fundaci\u00f3 Foment del Turisme de Menorca, y durante 14 a\u00f1os ha desarrollado las tareas de coordinaci\u00f3n del Centro Artesanal de Menorca. Anteriormente, se ha dedicado al trabajo de carpintero, oficio que le llega por herencia familiar.<\/p>\n<p>Su formaci\u00f3n acad\u00e9mica est\u00e1 ligada a la gesti\u00f3n cultural, la organizaci\u00f3n de actos y el comisariado de exposiciones. Ha participado en jornadas y cursos de gesti\u00f3n de talleres, comercializaci\u00f3n de producto y m\u00e1rqueting.<\/p>\n<p>Ha formado parte de los encuentros de la Red Ib\u00e9rica de Centros de Artesan\u00eda; ha sido miembro del Comt\u00e9 T\u00e9cnico de los D\u00edas Europeos de la Artesan\u00eda; ha coordenado el proyecto de museizaci\u00f3n del Centro Artesanal de Menorca; y ha promovido la edici\u00f3n de publicaciones, exposiciones temporales, talleres did\u00e1cticos, jornadas y proyectos diversos dirigidos al fomento y a la divulgaci\u00f3n de la artesan\u00eda local.<\/p>\n<p>Ha formado parte de la Comisi\u00f3n Insular Asesora y de la Ponencia T\u00e9cnica en materia de artesan\u00eda del Consell Insular de Menorca.<\/p>\n","protected":false},"excerpt":{"rendered":"<p>Quim Salort Galm\u00e9s is cultural product technician at the Fundaci\u00f3 Foment del Turisme de Menorca&#8230;<\/p>\n","protected":false},"featured_media":26720,"template":"","team_group":[507],"class_list":["post-26070","team","type-team","status-publish","has-post-thumbnail","hentry","team_group-our-experts"],"yoast_head":"<!-- This site is optimized with the Yoast SEO plugin v27.3 - https:\/\/yoast.com\/product\/yoast-seo-wordpress\/ -->\n<title>Quim Salort Galm\u00e9s - Espa\u00f1a - IGCAT<\/title>\n<meta name=\"description\" content=\"Quim Salort es un experto de IGCAT, coordenador del Centro Artesanal de Menorca y t\u00e9cnico de producto cultural en la Fundaci\u00f3 Foment del Turisme.\" \/>\n<meta name=\"robots\" content=\"index, follow, max-snippet:-1, max-image-preview:large, max-video-preview:-1\" \/>\n<link rel=\"canonical\" href=\"https:\/\/igcat.org\/es\/team\/quim-salort-galmes-espana\/\" \/>\n<meta property=\"og:locale\" content=\"es_ES\" \/>\n<meta property=\"og:type\" content=\"article\" \/>\n<meta property=\"og:title\" content=\"Quim Salort Galm\u00e9s - Espa\u00f1a - IGCAT\" \/>\n<meta property=\"og:description\" content=\"Quim Salort es un experto de IGCAT, coordenador del Centro Artesanal de Menorca y t\u00e9cnico de producto cultural en la Fundaci\u00f3 Foment del Turisme.\" \/>\n<meta property=\"og:url\" content=\"https:\/\/igcat.org\/es\/team\/quim-salort-galmes-espana\/\" \/>\n<meta property=\"og:site_name\" content=\"IGCAT - International Institute of Gastronomy, Culture, Arts and Tourism\" \/>\n<meta property=\"article:publisher\" content=\"https:\/\/www.facebook.com\/WorldRegionofGastronomy\" \/>\n<meta property=\"article:modified_time\" content=\"2023-08-04T11:14:58+00:00\" \/>\n<meta property=\"og:image\" content=\"https:\/\/igcat.org\/wp-content\/uploads\/2023\/02\/Quim-Salort_Website.png\" \/>\n\t<meta property=\"og:image:width\" content=\"264\" \/>\n\t<meta property=\"og:image:height\" content=\"264\" \/>\n\t<meta property=\"og:image:type\" content=\"image\/png\" \/>\n<meta name=\"twitter:card\" content=\"summary_large_image\" \/>\n<meta name=\"twitter:label1\" content=\"Tiempo de lectura\" \/>\n\t<meta name=\"twitter:data1\" content=\"1 minuto\" \/>\n<script type=\"application\/ld+json\" class=\"yoast-schema-graph\">{\"@context\":\"https:\\\/\\\/schema.org\",\"@graph\":[{\"@type\":\"WebPage\",\"@id\":\"https:\\\/\\\/igcat.org\\\/es\\\/team\\\/quim-salort-galmes-espana\\\/\",\"url\":\"https:\\\/\\\/igcat.org\\\/es\\\/team\\\/quim-salort-galmes-espana\\\/\",\"name\":\"Quim Salort Galm\u00e9s - Espa\u00f1a - IGCAT\",\"isPartOf\":{\"@id\":\"https:\\\/\\\/igcat.org\\\/es\\\/#website\"},\"primaryImageOfPage\":{\"@id\":\"https:\\\/\\\/igcat.org\\\/es\\\/team\\\/quim-salort-galmes-espana\\\/#primaryimage\"},\"image\":{\"@id\":\"https:\\\/\\\/igcat.org\\\/es\\\/team\\\/quim-salort-galmes-espana\\\/#primaryimage\"},\"thumbnailUrl\":\"https:\\\/\\\/igcat.org\\\/wp-content\\\/uploads\\\/2023\\\/02\\\/Quim-Salort_Website.png\",\"datePublished\":\"2023-02-06T10:55:44+00:00\",\"dateModified\":\"2023-08-04T11:14:58+00:00\",\"description\":\"Quim Salort es un experto de IGCAT, coordenador del Centro Artesanal de Menorca y t\u00e9cnico de producto cultural en la Fundaci\u00f3 Foment del Turisme.\",\"breadcrumb\":{\"@id\":\"https:\\\/\\\/igcat.org\\\/es\\\/team\\\/quim-salort-galmes-espana\\\/#breadcrumb\"},\"inLanguage\":\"es\",\"potentialAction\":[{\"@type\":\"ReadAction\",\"target\":[\"https:\\\/\\\/igcat.org\\\/es\\\/team\\\/quim-salort-galmes-espana\\\/\"]}]},{\"@type\":\"ImageObject\",\"inLanguage\":\"es\",\"@id\":\"https:\\\/\\\/igcat.org\\\/es\\\/team\\\/quim-salort-galmes-espana\\\/#primaryimage\",\"url\":\"https:\\\/\\\/igcat.org\\\/wp-content\\\/uploads\\\/2023\\\/02\\\/Quim-Salort_Website.png\",\"contentUrl\":\"https:\\\/\\\/igcat.org\\\/wp-content\\\/uploads\\\/2023\\\/02\\\/Quim-Salort_Website.png\",\"width\":264,\"height\":264,\"caption\":\"Quim Salort\"},{\"@type\":\"BreadcrumbList\",\"@id\":\"https:\\\/\\\/igcat.org\\\/es\\\/team\\\/quim-salort-galmes-espana\\\/#breadcrumb\",\"itemListElement\":[{\"@type\":\"ListItem\",\"position\":1,\"name\":\"Home\",\"item\":\"https:\\\/\\\/igcat.org\\\/es\\\/\"},{\"@type\":\"ListItem\",\"position\":2,\"name\":\"Team\",\"item\":\"https:\\\/\\\/igcat.org\\\/es\\\/team\\\/\"},{\"@type\":\"ListItem\",\"position\":3,\"name\":\"Quim Salort Galm\u00e9s &#8211; Espa\u00f1a\"}]},{\"@type\":\"WebSite\",\"@id\":\"https:\\\/\\\/igcat.org\\\/es\\\/#website\",\"url\":\"https:\\\/\\\/igcat.org\\\/es\\\/\",\"name\":\"IGCAT - International Institute of Gastronomy, Culture, Arts and Tourism\",\"description\":\"International Institute of Gastronomy, Culture, Arts and Tourism\",\"publisher\":{\"@id\":\"https:\\\/\\\/igcat.org\\\/es\\\/#organization\"},\"alternateName\":\"IGCAT\",\"potentialAction\":[{\"@type\":\"SearchAction\",\"target\":{\"@type\":\"EntryPoint\",\"urlTemplate\":\"https:\\\/\\\/igcat.org\\\/es\\\/?s={search_term_string}\"},\"query-input\":{\"@type\":\"PropertyValueSpecification\",\"valueRequired\":true,\"valueName\":\"search_term_string\"}}],\"inLanguage\":\"es\"},{\"@type\":\"Organization\",\"@id\":\"https:\\\/\\\/igcat.org\\\/es\\\/#organization\",\"name\":\"IGCAT\",\"alternateName\":\"IGCAT\",\"url\":\"https:\\\/\\\/igcat.org\\\/es\\\/\",\"logo\":{\"@type\":\"ImageObject\",\"inLanguage\":\"es\",\"@id\":\"https:\\\/\\\/igcat.org\\\/es\\\/#\\\/schema\\\/logo\\\/image\\\/\",\"url\":\"https:\\\/\\\/igcat.org\\\/wp-content\\\/uploads\\\/2016\\\/02\\\/main_logo.png\",\"contentUrl\":\"https:\\\/\\\/igcat.org\\\/wp-content\\\/uploads\\\/2016\\\/02\\\/main_logo.png\",\"width\":620,\"height\":228,\"caption\":\"IGCAT\"},\"image\":{\"@id\":\"https:\\\/\\\/igcat.org\\\/es\\\/#\\\/schema\\\/logo\\\/image\\\/\"},\"sameAs\":[\"https:\\\/\\\/www.facebook.com\\\/WorldRegionofGastronomy\",\"https:\\\/\\\/www.instagram.com\\\/igcat_org\\\/\",\"https:\\\/\\\/www.linkedin.com\\\/company\\\/igcat-international-institute-of-gastronomy-arts-and-tourism\\\/\",\"https:\\\/\\\/www.youtube.com\\\/channel\\\/UCL1xbT3vRbZh3bj-d0_0Vlg\"]}]}<\/script>\n<!-- \/ Yoast SEO plugin. -->","yoast_head_json":{"title":"Quim Salort Galm\u00e9s - Espa\u00f1a - IGCAT","description":"Quim Salort es un experto de IGCAT, coordenador del Centro Artesanal de Menorca y t\u00e9cnico de producto cultural en la Fundaci\u00f3 Foment del Turisme.","robots":{"index":"index","follow":"follow","max-snippet":"max-snippet:-1","max-image-preview":"max-image-preview:large","max-video-preview":"max-video-preview:-1"},"canonical":"https:\/\/igcat.org\/es\/team\/quim-salort-galmes-espana\/","og_locale":"es_ES","og_type":"article","og_title":"Quim Salort Galm\u00e9s - Espa\u00f1a - IGCAT","og_description":"Quim Salort es un experto de IGCAT, coordenador del Centro Artesanal de Menorca y t\u00e9cnico de producto cultural en la Fundaci\u00f3 Foment del Turisme.","og_url":"https:\/\/igcat.org\/es\/team\/quim-salort-galmes-espana\/","og_site_name":"IGCAT - International Institute of Gastronomy, Culture, Arts and Tourism","article_publisher":"https:\/\/www.facebook.com\/WorldRegionofGastronomy","article_modified_time":"2023-08-04T11:14:58+00:00","og_image":[{"width":264,"height":264,"url":"https:\/\/igcat.org\/wp-content\/uploads\/2023\/02\/Quim-Salort_Website.png","type":"image\/png"}],"twitter_card":"summary_large_image","twitter_misc":{"Tiempo de lectura":"1 minuto"},"schema":{"@context":"https:\/\/schema.org","@graph":[{"@type":"WebPage","@id":"https:\/\/igcat.org\/es\/team\/quim-salort-galmes-espana\/","url":"https:\/\/igcat.org\/es\/team\/quim-salort-galmes-espana\/","name":"Quim Salort Galm\u00e9s - Espa\u00f1a - IGCAT","isPartOf":{"@id":"https:\/\/igcat.org\/es\/#website"},"primaryImageOfPage":{"@id":"https:\/\/igcat.org\/es\/team\/quim-salort-galmes-espana\/#primaryimage"},"image":{"@id":"https:\/\/igcat.org\/es\/team\/quim-salort-galmes-espana\/#primaryimage"},"thumbnailUrl":"https:\/\/igcat.org\/wp-content\/uploads\/2023\/02\/Quim-Salort_Website.png","datePublished":"2023-02-06T10:55:44+00:00","dateModified":"2023-08-04T11:14:58+00:00","description":"Quim Salort es un experto de IGCAT, coordenador del Centro Artesanal de Menorca y t\u00e9cnico de producto cultural en la Fundaci\u00f3 Foment del Turisme.","breadcrumb":{"@id":"https:\/\/igcat.org\/es\/team\/quim-salort-galmes-espana\/#breadcrumb"},"inLanguage":"es","potentialAction":[{"@type":"ReadAction","target":["https:\/\/igcat.org\/es\/team\/quim-salort-galmes-espana\/"]}]},{"@type":"ImageObject","inLanguage":"es","@id":"https:\/\/igcat.org\/es\/team\/quim-salort-galmes-espana\/#primaryimage","url":"https:\/\/igcat.org\/wp-content\/uploads\/2023\/02\/Quim-Salort_Website.png","contentUrl":"https:\/\/igcat.org\/wp-content\/uploads\/2023\/02\/Quim-Salort_Website.png","width":264,"height":264,"caption":"Quim Salort"},{"@type":"BreadcrumbList","@id":"https:\/\/igcat.org\/es\/team\/quim-salort-galmes-espana\/#breadcrumb","itemListElement":[{"@type":"ListItem","position":1,"name":"Home","item":"https:\/\/igcat.org\/es\/"},{"@type":"ListItem","position":2,"name":"Team","item":"https:\/\/igcat.org\/es\/team\/"},{"@type":"ListItem","position":3,"name":"Quim Salort Galm\u00e9s &#8211; Espa\u00f1a"}]},{"@type":"WebSite","@id":"https:\/\/igcat.org\/es\/#website","url":"https:\/\/igcat.org\/es\/","name":"IGCAT - International Institute of Gastronomy, Culture, Arts and Tourism","description":"International Institute of Gastronomy, Culture, Arts and Tourism","publisher":{"@id":"https:\/\/igcat.org\/es\/#organization"},"alternateName":"IGCAT","potentialAction":[{"@type":"SearchAction","target":{"@type":"EntryPoint","urlTemplate":"https:\/\/igcat.org\/es\/?s={search_term_string}"},"query-input":{"@type":"PropertyValueSpecification","valueRequired":true,"valueName":"search_term_string"}}],"inLanguage":"es"},{"@type":"Organization","@id":"https:\/\/igcat.org\/es\/#organization","name":"IGCAT","alternateName":"IGCAT","url":"https:\/\/igcat.org\/es\/","logo":{"@type":"ImageObject","inLanguage":"es","@id":"https:\/\/igcat.org\/es\/#\/schema\/logo\/image\/","url":"https:\/\/igcat.org\/wp-content\/uploads\/2016\/02\/main_logo.png","contentUrl":"https:\/\/igcat.org\/wp-content\/uploads\/2016\/02\/main_logo.png","width":620,"height":228,"caption":"IGCAT"},"image":{"@id":"https:\/\/igcat.org\/es\/#\/schema\/logo\/image\/"},"sameAs":["https:\/\/www.facebook.com\/WorldRegionofGastronomy","https:\/\/www.instagram.com\/igcat_org\/","https:\/\/www.linkedin.com\/company\/igcat-international-institute-of-gastronomy-arts-and-tourism\/","https:\/\/www.youtube.com\/channel\/UCL1xbT3vRbZh3bj-d0_0Vlg"]}]}},"_links":{"self":[{"href":"https:\/\/igcat.org\/es\/wp-json\/wp\/v2\/team\/26070","targetHints":{"allow":["GET"]}}],"collection":[{"href":"https:\/\/igcat.org\/es\/wp-json\/wp\/v2\/team"}],"about":[{"href":"https:\/\/igcat.org\/es\/wp-json\/wp\/v2\/types\/team"}],"version-history":[{"count":0,"href":"https:\/\/igcat.org\/es\/wp-json\/wp\/v2\/team\/26070\/revisions"}],"wp:featuredmedia":[{"embeddable":true,"href":"https:\/\/igcat.org\/es\/wp-json\/wp\/v2\/media\/26720"}],"wp:attachment":[{"href":"https:\/\/igcat.org\/es\/wp-json\/wp\/v2\/media?parent=26070"}],"wp:term":[{"taxonomy":"team_group","embeddable":true,"href":"https:\/\/igcat.org\/es\/wp-json\/wp\/v2\/team_group?post=26070"}],"curies":[{"name":"wp","href":"https:\/\/api.w.org\/{rel}","templated":true}]}}