{"id":19118,"date":"2016-05-26T10:50:43","date_gmt":"2016-05-26T08:50:43","guid":{"rendered":"https:\/\/igcat.org\/team\/dr-valeria-campos\/"},"modified":"2024-04-15T11:20:32","modified_gmt":"2024-04-15T09:20:32","slug":"dr-valeria-campos","status":"publish","type":"team","link":"https:\/\/igcat.org\/es\/team\/dr-valeria-campos\/","title":{"rendered":"Dra. Valeria Campos &#8211; Chile"},"content":{"rendered":"<h3>Dra. Valeria Campos<\/h3>\n<p><strong>Profesor e Investigador &#8211; Instituto de Filosof\u00eda de la Universidad Cat\u00f3lica de Valpara\u00edso, Chile<\/strong><\/p>\n<p>La Dra. Valeria Campos estudia el tema de la alimentaci\u00f3n y la alimentaci\u00f3n humana desde un punto de vista filos\u00f3fico y antropol\u00f3gico, especialmente preocupado por sus dimensiones \u00e9ticas y pol\u00edticas. Sus investigaciones comienzan con una pregunta sobre los diferentes significados y valores que los seres humanos le dan al acto de comer y cocinar, y c\u00f3mo esto juega un papel fundamental en la configuraci\u00f3n de nuestra experiencia del mundo.<\/p>\n<p>Tambi\u00e9n ha explorado campos m\u00e1s aplicados de la gastronom\u00eda, ense\u00f1ando a estudiantes de cocina y trabajando con chefs.<br \/>\nCampos cree que la comida no es solo la sustancia concreta que comemos en un espacio\/tiempo espec\u00edfico, sino que realmente implica una larga y compleja cadena de producci\u00f3n que va desde el patrimonio gen\u00e9tico encerrado en la semilla, pasando por el trabajo de los agricultores, los medios de producci\u00f3n, el trabajo de los cocineros, entre otros eslabones. Defiende una alimentaci\u00f3n sostenible que respete el patrimonio cultural de las comunidades y que sea justa con los productores, inclusiva y garantice el derecho a comer con placer.<\/p>\n<p>La Dra. Valeria Campos ha realizado investigaciones preliminares sobre pol\u00edticas p\u00fablicas alimentarias, con la idea de hacer una propuesta para unificar todas las pol\u00edticas de alimentaci\u00f3n bajo la idea de que comer es un \u00abevento cultural\u00bb.<br \/>\nActualmente lidera una investigaci\u00f3n titulada Pol\u00edticas de gusto y est\u00e9tica de la alimentaci\u00f3n. G\u00e9nesis y estructura de los discursos filos\u00f3ficos sobre comer y degustar, apoyados por CONICYT (Consejo Nacional de Ciencia y Tecnolog\u00eda de Chile). En esta indagaci\u00f3n, realiza un an\u00e1lisis de los significados y valores que la cultura occidental ha otorgado al sentido del gusto, con el fin de obtener resultados cr\u00edticos que puedan ayudarnos a aumentar nuestra comprensi\u00f3n del acto de comer. El objetivo final es reivindicar las funciones del gusto tanto para la felicidad personal como para la vida comunitaria e incluso pol\u00edtica.<\/p>\n","protected":false},"excerpt":{"rendered":"<p>La Dra. Valeria Campos estudia el tema de la alimentaci\u00f3n y la alimentaci\u00f3n humana desde un punto de vista filos\u00f3fico y antropol\u00f3gico&#8230;<\/p>\n","protected":false},"featured_media":19119,"template":"","team_group":[507],"class_list":["post-19118","team","type-team","status-publish","has-post-thumbnail","hentry","team_group-our-experts"],"yoast_head":"<!-- This site is optimized with the Yoast SEO plugin v27.3 - https:\/\/yoast.com\/product\/yoast-seo-wordpress\/ -->\n<title>Dra. Valeria Campos - Chile - IGCAT - International Institute of Gastronomy, Culture, Arts and Tourism<\/title>\n<meta name=\"description\" content=\"La Dra. Valeria Campos estudia el tema de la alimentaci\u00f3n y la alimentaci\u00f3n humana desde un punto de vista filos\u00f3fico y antropol\u00f3gico, especialmente preocupado por sus dimensiones \u00e9ticas y pol\u00edticas.\" \/>\n<meta name=\"robots\" content=\"index, follow, max-snippet:-1, max-image-preview:large, max-video-preview:-1\" \/>\n<link rel=\"canonical\" href=\"https:\/\/igcat.org\/es\/team\/dr-valeria-campos\/\" \/>\n<meta property=\"og:locale\" content=\"es_ES\" \/>\n<meta property=\"og:type\" content=\"article\" \/>\n<meta property=\"og:title\" content=\"Dra. Valeria Campos - Chile - IGCAT - International Institute of Gastronomy, Culture, Arts and Tourism\" \/>\n<meta property=\"og:description\" content=\"La Dra. Valeria Campos estudia el tema de la alimentaci\u00f3n y la alimentaci\u00f3n humana desde un punto de vista filos\u00f3fico y antropol\u00f3gico, especialmente preocupado por sus dimensiones \u00e9ticas y pol\u00edticas.\" \/>\n<meta property=\"og:url\" content=\"https:\/\/igcat.org\/es\/team\/dr-valeria-campos\/\" \/>\n<meta property=\"og:site_name\" content=\"IGCAT - International Institute of Gastronomy, Culture, Arts and Tourism\" \/>\n<meta property=\"article:publisher\" content=\"https:\/\/www.facebook.com\/WorldRegionofGastronomy\" \/>\n<meta property=\"article:modified_time\" content=\"2024-04-15T09:20:32+00:00\" \/>\n<meta property=\"og:image\" content=\"https:\/\/igcat.org\/wp-content\/uploads\/2016\/05\/Valeria-Campos-Salvaterra.jpg\" \/>\n\t<meta property=\"og:image:width\" content=\"2206\" \/>\n\t<meta property=\"og:image:height\" content=\"2832\" \/>\n\t<meta property=\"og:image:type\" content=\"image\/jpeg\" \/>\n<meta name=\"twitter:card\" content=\"summary_large_image\" \/>\n<meta name=\"twitter:label1\" content=\"Tiempo de lectura\" \/>\n\t<meta name=\"twitter:data1\" content=\"2 minutos\" \/>\n<script type=\"application\/ld+json\" class=\"yoast-schema-graph\">{\"@context\":\"https:\\\/\\\/schema.org\",\"@graph\":[{\"@type\":\"WebPage\",\"@id\":\"https:\\\/\\\/igcat.org\\\/es\\\/team\\\/dr-valeria-campos\\\/\",\"url\":\"https:\\\/\\\/igcat.org\\\/es\\\/team\\\/dr-valeria-campos\\\/\",\"name\":\"Dra. Valeria Campos - Chile - IGCAT - International Institute of Gastronomy, Culture, Arts and Tourism\",\"isPartOf\":{\"@id\":\"https:\\\/\\\/igcat.org\\\/es\\\/#website\"},\"primaryImageOfPage\":{\"@id\":\"https:\\\/\\\/igcat.org\\\/es\\\/team\\\/dr-valeria-campos\\\/#primaryimage\"},\"image\":{\"@id\":\"https:\\\/\\\/igcat.org\\\/es\\\/team\\\/dr-valeria-campos\\\/#primaryimage\"},\"thumbnailUrl\":\"https:\\\/\\\/igcat.org\\\/wp-content\\\/uploads\\\/2016\\\/05\\\/Valeria-Campos-Salvaterra.jpg\",\"datePublished\":\"2016-05-26T08:50:43+00:00\",\"dateModified\":\"2024-04-15T09:20:32+00:00\",\"description\":\"La Dra. Valeria Campos estudia el tema de la alimentaci\u00f3n y la alimentaci\u00f3n humana desde un punto de vista filos\u00f3fico y antropol\u00f3gico, especialmente preocupado por sus dimensiones \u00e9ticas y pol\u00edticas.\",\"breadcrumb\":{\"@id\":\"https:\\\/\\\/igcat.org\\\/es\\\/team\\\/dr-valeria-campos\\\/#breadcrumb\"},\"inLanguage\":\"es\",\"potentialAction\":[{\"@type\":\"ReadAction\",\"target\":[\"https:\\\/\\\/igcat.org\\\/es\\\/team\\\/dr-valeria-campos\\\/\"]}]},{\"@type\":\"ImageObject\",\"inLanguage\":\"es\",\"@id\":\"https:\\\/\\\/igcat.org\\\/es\\\/team\\\/dr-valeria-campos\\\/#primaryimage\",\"url\":\"https:\\\/\\\/igcat.org\\\/wp-content\\\/uploads\\\/2016\\\/05\\\/Valeria-Campos-Salvaterra.jpg\",\"contentUrl\":\"https:\\\/\\\/igcat.org\\\/wp-content\\\/uploads\\\/2016\\\/05\\\/Valeria-Campos-Salvaterra.jpg\",\"width\":2206,\"height\":2832},{\"@type\":\"BreadcrumbList\",\"@id\":\"https:\\\/\\\/igcat.org\\\/es\\\/team\\\/dr-valeria-campos\\\/#breadcrumb\",\"itemListElement\":[{\"@type\":\"ListItem\",\"position\":1,\"name\":\"Home\",\"item\":\"https:\\\/\\\/igcat.org\\\/es\\\/\"},{\"@type\":\"ListItem\",\"position\":2,\"name\":\"Team\",\"item\":\"https:\\\/\\\/igcat.org\\\/es\\\/team\\\/\"},{\"@type\":\"ListItem\",\"position\":3,\"name\":\"Dra. Valeria Campos &#8211; Chile\"}]},{\"@type\":\"WebSite\",\"@id\":\"https:\\\/\\\/igcat.org\\\/es\\\/#website\",\"url\":\"https:\\\/\\\/igcat.org\\\/es\\\/\",\"name\":\"IGCAT - International Institute of Gastronomy, Culture, Arts and Tourism\",\"description\":\"International Institute of Gastronomy, Culture, Arts and Tourism\",\"publisher\":{\"@id\":\"https:\\\/\\\/igcat.org\\\/es\\\/#organization\"},\"alternateName\":\"IGCAT\",\"potentialAction\":[{\"@type\":\"SearchAction\",\"target\":{\"@type\":\"EntryPoint\",\"urlTemplate\":\"https:\\\/\\\/igcat.org\\\/es\\\/?s={search_term_string}\"},\"query-input\":{\"@type\":\"PropertyValueSpecification\",\"valueRequired\":true,\"valueName\":\"search_term_string\"}}],\"inLanguage\":\"es\"},{\"@type\":\"Organization\",\"@id\":\"https:\\\/\\\/igcat.org\\\/es\\\/#organization\",\"name\":\"IGCAT\",\"alternateName\":\"IGCAT\",\"url\":\"https:\\\/\\\/igcat.org\\\/es\\\/\",\"logo\":{\"@type\":\"ImageObject\",\"inLanguage\":\"es\",\"@id\":\"https:\\\/\\\/igcat.org\\\/es\\\/#\\\/schema\\\/logo\\\/image\\\/\",\"url\":\"https:\\\/\\\/igcat.org\\\/wp-content\\\/uploads\\\/2016\\\/02\\\/main_logo.png\",\"contentUrl\":\"https:\\\/\\\/igcat.org\\\/wp-content\\\/uploads\\\/2016\\\/02\\\/main_logo.png\",\"width\":620,\"height\":228,\"caption\":\"IGCAT\"},\"image\":{\"@id\":\"https:\\\/\\\/igcat.org\\\/es\\\/#\\\/schema\\\/logo\\\/image\\\/\"},\"sameAs\":[\"https:\\\/\\\/www.facebook.com\\\/WorldRegionofGastronomy\",\"https:\\\/\\\/www.instagram.com\\\/igcat_org\\\/\",\"https:\\\/\\\/www.linkedin.com\\\/company\\\/igcat-international-institute-of-gastronomy-arts-and-tourism\\\/\",\"https:\\\/\\\/www.youtube.com\\\/channel\\\/UCL1xbT3vRbZh3bj-d0_0Vlg\"]}]}<\/script>\n<!-- \/ Yoast SEO plugin. -->","yoast_head_json":{"title":"Dra. Valeria Campos - Chile - IGCAT - International Institute of Gastronomy, Culture, Arts and Tourism","description":"La Dra. Valeria Campos estudia el tema de la alimentaci\u00f3n y la alimentaci\u00f3n humana desde un punto de vista filos\u00f3fico y antropol\u00f3gico, especialmente preocupado por sus dimensiones \u00e9ticas y pol\u00edticas.","robots":{"index":"index","follow":"follow","max-snippet":"max-snippet:-1","max-image-preview":"max-image-preview:large","max-video-preview":"max-video-preview:-1"},"canonical":"https:\/\/igcat.org\/es\/team\/dr-valeria-campos\/","og_locale":"es_ES","og_type":"article","og_title":"Dra. Valeria Campos - Chile - IGCAT - International Institute of Gastronomy, Culture, Arts and Tourism","og_description":"La Dra. Valeria Campos estudia el tema de la alimentaci\u00f3n y la alimentaci\u00f3n humana desde un punto de vista filos\u00f3fico y antropol\u00f3gico, especialmente preocupado por sus dimensiones \u00e9ticas y pol\u00edticas.","og_url":"https:\/\/igcat.org\/es\/team\/dr-valeria-campos\/","og_site_name":"IGCAT - International Institute of Gastronomy, Culture, Arts and Tourism","article_publisher":"https:\/\/www.facebook.com\/WorldRegionofGastronomy","article_modified_time":"2024-04-15T09:20:32+00:00","og_image":[{"width":2206,"height":2832,"url":"https:\/\/igcat.org\/wp-content\/uploads\/2016\/05\/Valeria-Campos-Salvaterra.jpg","type":"image\/jpeg"}],"twitter_card":"summary_large_image","twitter_misc":{"Tiempo de lectura":"2 minutos"},"schema":{"@context":"https:\/\/schema.org","@graph":[{"@type":"WebPage","@id":"https:\/\/igcat.org\/es\/team\/dr-valeria-campos\/","url":"https:\/\/igcat.org\/es\/team\/dr-valeria-campos\/","name":"Dra. Valeria Campos - Chile - IGCAT - International Institute of Gastronomy, Culture, Arts and Tourism","isPartOf":{"@id":"https:\/\/igcat.org\/es\/#website"},"primaryImageOfPage":{"@id":"https:\/\/igcat.org\/es\/team\/dr-valeria-campos\/#primaryimage"},"image":{"@id":"https:\/\/igcat.org\/es\/team\/dr-valeria-campos\/#primaryimage"},"thumbnailUrl":"https:\/\/igcat.org\/wp-content\/uploads\/2016\/05\/Valeria-Campos-Salvaterra.jpg","datePublished":"2016-05-26T08:50:43+00:00","dateModified":"2024-04-15T09:20:32+00:00","description":"La Dra. Valeria Campos estudia el tema de la alimentaci\u00f3n y la alimentaci\u00f3n humana desde un punto de vista filos\u00f3fico y antropol\u00f3gico, especialmente preocupado por sus dimensiones \u00e9ticas y pol\u00edticas.","breadcrumb":{"@id":"https:\/\/igcat.org\/es\/team\/dr-valeria-campos\/#breadcrumb"},"inLanguage":"es","potentialAction":[{"@type":"ReadAction","target":["https:\/\/igcat.org\/es\/team\/dr-valeria-campos\/"]}]},{"@type":"ImageObject","inLanguage":"es","@id":"https:\/\/igcat.org\/es\/team\/dr-valeria-campos\/#primaryimage","url":"https:\/\/igcat.org\/wp-content\/uploads\/2016\/05\/Valeria-Campos-Salvaterra.jpg","contentUrl":"https:\/\/igcat.org\/wp-content\/uploads\/2016\/05\/Valeria-Campos-Salvaterra.jpg","width":2206,"height":2832},{"@type":"BreadcrumbList","@id":"https:\/\/igcat.org\/es\/team\/dr-valeria-campos\/#breadcrumb","itemListElement":[{"@type":"ListItem","position":1,"name":"Home","item":"https:\/\/igcat.org\/es\/"},{"@type":"ListItem","position":2,"name":"Team","item":"https:\/\/igcat.org\/es\/team\/"},{"@type":"ListItem","position":3,"name":"Dra. Valeria Campos &#8211; Chile"}]},{"@type":"WebSite","@id":"https:\/\/igcat.org\/es\/#website","url":"https:\/\/igcat.org\/es\/","name":"IGCAT - International Institute of Gastronomy, Culture, Arts and Tourism","description":"International Institute of Gastronomy, Culture, Arts and Tourism","publisher":{"@id":"https:\/\/igcat.org\/es\/#organization"},"alternateName":"IGCAT","potentialAction":[{"@type":"SearchAction","target":{"@type":"EntryPoint","urlTemplate":"https:\/\/igcat.org\/es\/?s={search_term_string}"},"query-input":{"@type":"PropertyValueSpecification","valueRequired":true,"valueName":"search_term_string"}}],"inLanguage":"es"},{"@type":"Organization","@id":"https:\/\/igcat.org\/es\/#organization","name":"IGCAT","alternateName":"IGCAT","url":"https:\/\/igcat.org\/es\/","logo":{"@type":"ImageObject","inLanguage":"es","@id":"https:\/\/igcat.org\/es\/#\/schema\/logo\/image\/","url":"https:\/\/igcat.org\/wp-content\/uploads\/2016\/02\/main_logo.png","contentUrl":"https:\/\/igcat.org\/wp-content\/uploads\/2016\/02\/main_logo.png","width":620,"height":228,"caption":"IGCAT"},"image":{"@id":"https:\/\/igcat.org\/es\/#\/schema\/logo\/image\/"},"sameAs":["https:\/\/www.facebook.com\/WorldRegionofGastronomy","https:\/\/www.instagram.com\/igcat_org\/","https:\/\/www.linkedin.com\/company\/igcat-international-institute-of-gastronomy-arts-and-tourism\/","https:\/\/www.youtube.com\/channel\/UCL1xbT3vRbZh3bj-d0_0Vlg"]}]}},"_links":{"self":[{"href":"https:\/\/igcat.org\/es\/wp-json\/wp\/v2\/team\/19118","targetHints":{"allow":["GET"]}}],"collection":[{"href":"https:\/\/igcat.org\/es\/wp-json\/wp\/v2\/team"}],"about":[{"href":"https:\/\/igcat.org\/es\/wp-json\/wp\/v2\/types\/team"}],"version-history":[{"count":0,"href":"https:\/\/igcat.org\/es\/wp-json\/wp\/v2\/team\/19118\/revisions"}],"wp:featuredmedia":[{"embeddable":true,"href":"https:\/\/igcat.org\/es\/wp-json\/wp\/v2\/media\/19119"}],"wp:attachment":[{"href":"https:\/\/igcat.org\/es\/wp-json\/wp\/v2\/media?parent=19118"}],"wp:term":[{"taxonomy":"team_group","embeddable":true,"href":"https:\/\/igcat.org\/es\/wp-json\/wp\/v2\/team_group?post=19118"}],"curies":[{"name":"wp","href":"https:\/\/api.w.org\/{rel}","templated":true}]}}